{"id":4078,"date":"2025-11-01T15:19:25","date_gmt":"2025-11-01T18:19:25","guid":{"rendered":"https:\/\/toprio.com.br\/?post_type=property&#038;p=4078"},"modified":"2026-03-29T12:43:29","modified_gmt":"2026-03-29T15:43:29","slug":"cobertura-triplex-de-400-m-no-coracao-de-ipanema-vista-para-o-mar-e-o-cristo","status":"publish","type":"property","link":"https:\/\/toprio.com.br\/en\/imoveis\/cobertura-triplex-de-400-m-no-coracao-de-ipanema-vista-para-o-mar-e-o-cristo\/","title":{"rendered":"Cobertura Triplex de 400 m\u00b2 no Cora\u00e7\u00e3o de Ipanema \u2013 Vista para o Mar e o Cristo"},"content":{"rendered":"<h2 data-start=\"387\" data-end=\"471\">Cobertura Triplex de 400 m\u00b2 no Cora\u00e7\u00e3o de Ipanema \u2013 Vista para o Mar e o Cristo<\/h2>\n<p data-start=\"473\" data-end=\"859\">Descubra o privil\u00e9gio de morar nesta <strong data-start=\"510\" data-end=\"541\">cobertura triplex de 400 m\u00b2<\/strong>, localizada em um <strong data-start=\"560\" data-end=\"602\">excelente pr\u00e9dio no cora\u00e7\u00e3o de Ipanema<\/strong>. Entre a <strong data-start=\"612\" data-end=\"621\">Praia<\/strong> e a <strong data-start=\"626\" data-end=\"656\">Pra\u00e7a Nossa Senhora da Paz<\/strong>, a propriedade combina <strong data-start=\"680\" data-end=\"717\">conforto, eleg\u00e2ncia e praticidade<\/strong>. <strong data-start=\"719\" data-end=\"733\">Al\u00e9m disso<\/strong>, sua localiza\u00e7\u00e3o estrat\u00e9gica permite viver cercado por conveni\u00eancias, restaurantes e servi\u00e7os, com tudo ao alcance dos p\u00e9s.<\/p>\n<hr data-start=\"861\" data-end=\"864\" \/>\n<h3 data-start=\"866\" data-end=\"925\">Primeiro pavimento \u2013 \u00c1rea social elegante e integrada<\/h3>\n<p data-start=\"927\" data-end=\"1189\">O primeiro pavimento abriga uma <strong data-start=\"959\" data-end=\"973\">sala ampla<\/strong>, dividida em <strong data-start=\"987\" data-end=\"1005\">dois ambientes<\/strong> bem definidos, perfeitos para receber amigos e familiares. <strong data-start=\"1065\" data-end=\"1079\">Al\u00e9m disso<\/strong>, a <strong data-start=\"1083\" data-end=\"1127\">varanda com vista para o Cristo Redentor<\/strong> oferece um cen\u00e1rio encantador para momentos de relaxamento.<\/p>\n<p data-start=\"1191\" data-end=\"1424\">O ambiente conta com <strong data-start=\"1212\" data-end=\"1237\">projeto luminot\u00e9cnico<\/strong>, <strong data-start=\"1239\" data-end=\"1255\">climatiza\u00e7\u00e3o<\/strong> e <strong data-start=\"1258\" data-end=\"1287\">marcenaria de alto padr\u00e3o<\/strong>, o que garante sofistica\u00e7\u00e3o e conforto. <strong data-start=\"1328\" data-end=\"1368\">Um lavabo de apoio completa o espa\u00e7o<\/strong>, mantendo o equil\u00edbrio entre funcionalidade e estilo.<\/p>\n<hr data-start=\"1426\" data-end=\"1429\" \/>\n<h3 data-start=\"1431\" data-end=\"1491\">\u00c1rea privativa \u2013 Conforto, luz natural e versatilidade<\/h3>\n<p data-start=\"1493\" data-end=\"1773\">A parte privativa conta com <strong data-start=\"1521\" data-end=\"1537\">tr\u00eas quartos<\/strong>, sendo <strong data-start=\"1545\" data-end=\"1574\">uma su\u00edte master ampliada<\/strong> e <strong data-start=\"1577\" data-end=\"1608\">dois dormit\u00f3rios adicionais<\/strong> com <strong data-start=\"1613\" data-end=\"1641\">banheiro social de apoio<\/strong>. <strong data-start=\"1643\" data-end=\"1693\">Originalmente, o im\u00f3vel possu\u00eda quatro quartos<\/strong>, mas a configura\u00e7\u00e3o atual proporciona mais amplitude e fluidez aos ambientes.<\/p>\n<p data-start=\"1775\" data-end=\"2115\"><strong data-start=\"1775\" data-end=\"1848\">Todos os quartos oferecem arm\u00e1rios planejados e ar-condicionado split<\/strong>, o que assegura conforto t\u00e9rmico durante todo o ano. <strong data-start=\"1902\" data-end=\"1931\">A su\u00edte master se destaca<\/strong> pelo <strong data-start=\"1937\" data-end=\"1958\">banheiro espa\u00e7oso<\/strong> e <strong data-start=\"1961\" data-end=\"1985\">escrit\u00f3rio integrado<\/strong>, que pode facilmente se transformar em <strong data-start=\"2025\" data-end=\"2043\">walk-in closet<\/strong>. <strong data-start=\"2045\" data-end=\"2060\">Dessa forma<\/strong>, o espa\u00e7o se adapta \u00e0s prefer\u00eancias de cada morador.<\/p>\n<hr data-start=\"2117\" data-end=\"2120\" \/>\n<h3 data-start=\"2122\" data-end=\"2176\">Cozinha funcional e \u00e1rea de servi\u00e7o independente<\/h3>\n<p data-start=\"2178\" data-end=\"2472\">A <strong data-start=\"2180\" data-end=\"2191\">cozinha<\/strong> combina <strong data-start=\"2200\" data-end=\"2234\">design funcional e praticidade<\/strong>. <strong data-start=\"2236\" data-end=\"2250\">Al\u00e9m disso<\/strong>, conta com <strong data-start=\"2262\" data-end=\"2279\">copa de apoio<\/strong>, perfeita para refei\u00e7\u00f5es r\u00e1pidas e cotidianas. <strong data-start=\"2327\" data-end=\"2370\">As longas bancadas e os muitos arm\u00e1rios<\/strong> permitem <strong data-start=\"2380\" data-end=\"2425\">organiza\u00e7\u00e3o e amplo espa\u00e7o de armazenagem<\/strong>, favorecendo o aproveitamento total da \u00e1rea.<\/p>\n<p data-start=\"2474\" data-end=\"2698\"><strong data-start=\"2474\" data-end=\"2510\">A \u00e1rea de servi\u00e7o \u00e9 independente<\/strong>, o que oferece <strong data-start=\"2526\" data-end=\"2561\">maior privacidade e praticidade<\/strong>. <strong data-start=\"2563\" data-end=\"2642\">Ela inclui arm\u00e1rios adicionais e uma depend\u00eancia completa para funcion\u00e1rios<\/strong>, garantindo conforto e efici\u00eancia \u00e0s rotinas di\u00e1rias.<\/p>\n<hr data-start=\"2700\" data-end=\"2703\" \/>\n<h3 data-start=\"2705\" data-end=\"2762\">Segundo pavimento \u2013 Espa\u00e7o para lazer e conviv\u00eancia<\/h3>\n<p data-start=\"2764\" data-end=\"2950\">O segundo pavimento foi projetado para o lazer. Ele conta com <strong data-start=\"2826\" data-end=\"2856\">uma sala de conv\u00edvio ou TV<\/strong>, <strong data-start=\"2858\" data-end=\"2868\">lavabo<\/strong> e <strong data-start=\"2871\" data-end=\"2900\">cozinha completa de apoio<\/strong>, ideal para encontros e momentos descontra\u00eddos.<\/p>\n<p data-start=\"2952\" data-end=\"3224\"><strong data-start=\"2952\" data-end=\"2971\">Na \u00e1rea externa<\/strong>, o destaque fica por conta da <strong data-start=\"3002\" data-end=\"3052\">churrasqueira, forno de pizza, piscina e sauna<\/strong>. <strong data-start=\"3054\" data-end=\"3068\">Al\u00e9m disso<\/strong>, h\u00e1 <strong data-start=\"3073\" data-end=\"3096\">um lavabo adicional<\/strong> que atende \u00e0 \u00e1rea de lazer. <strong data-start=\"3125\" data-end=\"3137\">Com isso<\/strong>, o pavimento se transforma em um ambiente perfeito para receber familiares e amigos.<\/p>\n<hr data-start=\"3226\" data-end=\"3229\" \/>\n<h3 data-start=\"3231\" data-end=\"3290\">Terceiro pavimento \u2013 Hidromassagem e vista para o mar<\/h3>\n<p data-start=\"3292\" data-end=\"3532\">O terceiro pavimento oferece <strong data-start=\"3321\" data-end=\"3345\">um ref\u00fagio privativo<\/strong>, com <strong data-start=\"3351\" data-end=\"3368\">hidromassagem<\/strong> e <strong data-start=\"3371\" data-end=\"3414\">vista espetacular para o mar de Ipanema<\/strong>. <strong data-start=\"3416\" data-end=\"3425\">Assim<\/strong>, o morador desfruta de um ambiente relaxante, ideal para momentos de descanso, contempla\u00e7\u00e3o e bem-estar.<\/p>\n<hr data-start=\"3534\" data-end=\"3537\" \/>\n<h3 data-start=\"3539\" data-end=\"3583\">Condom\u00ednio seguro e estrutura completa<\/h3>\n<p data-start=\"3585\" data-end=\"3876\">O <strong data-start=\"3587\" data-end=\"3623\">edif\u00edcio garante seguran\u00e7a total<\/strong>, com <strong data-start=\"3629\" data-end=\"3650\">portaria 24 horas<\/strong>, <strong data-start=\"3652\" data-end=\"3681\">monitoramento por c\u00e2meras<\/strong> e <strong data-start=\"3684\" data-end=\"3710\">circuito interno de TV<\/strong>. <strong data-start=\"3712\" data-end=\"3726\">Al\u00e9m disso<\/strong>, oferece <strong data-start=\"3736\" data-end=\"3762\">\u00e1rea de lazer completa<\/strong>, com <strong data-start=\"3768\" data-end=\"3819\">sal\u00e3o de festas, churrasqueira, sauna e piscina<\/strong>, o que refor\u00e7a a sensa\u00e7\u00e3o de exclusividade e conforto.<\/p>\n<p data-start=\"3878\" data-end=\"4024\"><strong data-start=\"3878\" data-end=\"3889\">Por fim<\/strong>, o im\u00f3vel possui <strong data-start=\"3907\" data-end=\"3945\">tr\u00eas vagas de garagem na escritura<\/strong>, um diferencial valioso em uma das regi\u00f5es mais cobi\u00e7adas do Rio de Janeiro.<\/p>","protected":false},"author":1,"featured_media":4119,"menu_order":0,"comment_status":"closed","ping_status":"closed","template":"","class_list":["post-4078","property","type-property","status-publish","has-post-thumbnail","hentry","property-type-cobertura","property-status-disponivel","property-feature-zona-sul","property-label-ipanema","property-state-rio-de-janeiro","property-city-rio-janeiro"],"acf":[],"yoast_head":"<!-- This site is optimized with the Yoast SEO plugin v27.7 - https:\/\/yoast.com\/product\/yoast-seo-wordpress\/ -->\n<title>Cobertura Triplex de 400 m\u00b2 no Cora\u00e7\u00e3o de Ipanema \u2013 Vista para o Mar e o Cristo - Top Rio<\/title>\n<meta name=\"description\" content=\"Cobertura Triplex de 400 m\u00b2 no Cora\u00e7\u00e3o de Ipanema \u2013 Vista para o Mar e o Cristo\" \/>\n<meta name=\"robots\" content=\"index, follow, max-snippet:-1, max-image-preview:large, max-video-preview:-1\" \/>\n<link rel=\"canonical\" href=\"https:\/\/toprio.com.br\/en\/imoveis\/cobertura-triplex-de-400-m-no-coracao-de-ipanema-vista-para-o-mar-e-o-cristo\/\" \/>\n<meta property=\"og:locale\" content=\"en_US\" \/>\n<meta property=\"og:type\" content=\"article\" \/>\n<meta property=\"og:title\" content=\"Cobertura Triplex de 400 m\u00b2 no Cora\u00e7\u00e3o de Ipanema \u2013 Vista para o Mar e o Cristo - Top Rio\" \/>\n<meta property=\"og:description\" content=\"Cobertura Triplex de 400 m\u00b2 no Cora\u00e7\u00e3o de Ipanema \u2013 Vista para o Mar e o Cristo\" \/>\n<meta property=\"og:url\" content=\"https:\/\/toprio.com.br\/en\/imoveis\/cobertura-triplex-de-400-m-no-coracao-de-ipanema-vista-para-o-mar-e-o-cristo\/\" \/>\n<meta property=\"og:site_name\" content=\"Top Rio\" \/>\n<meta property=\"article:publisher\" content=\"https:\/\/www.facebook.com\/toprio.realestate\/?locale=pt_BR\" \/>\n<meta property=\"article:modified_time\" content=\"2026-03-29T15:43:29+00:00\" \/>\n<meta property=\"og:image\" content=\"https:\/\/toprio.com.br\/wp-content\/uploads\/2025\/11\/top-rio1Prudente-De-Morais-719-501-1-10282025_112624.jpg\" \/>\n\t<meta property=\"og:image:width\" content=\"2560\" \/>\n\t<meta property=\"og:image:height\" content=\"1440\" \/>\n\t<meta property=\"og:image:type\" content=\"image\/jpeg\" \/>\n<meta name=\"twitter:card\" content=\"summary_large_image\" \/>\n<meta name=\"twitter:label1\" content=\"Est. reading time\" \/>\n\t<meta name=\"twitter:data1\" content=\"4 minutes\" \/>\n<script type=\"application\/ld+json\" class=\"yoast-schema-graph\">{\"@context\":\"https:\\\/\\\/schema.org\",\"@graph\":[{\"@type\":\"WebPage\",\"@id\":\"https:\\\/\\\/toprio.com.br\\\/imoveis\\\/cobertura-triplex-de-400-m-no-coracao-de-ipanema-vista-para-o-mar-e-o-cristo\\\/\",\"url\":\"https:\\\/\\\/toprio.com.br\\\/imoveis\\\/cobertura-triplex-de-400-m-no-coracao-de-ipanema-vista-para-o-mar-e-o-cristo\\\/\",\"name\":\"Cobertura Triplex de 400 m\u00b2 no Cora\u00e7\u00e3o de Ipanema \u2013 Vista para o Mar e o Cristo - Top Rio\",\"isPartOf\":{\"@id\":\"https:\\\/\\\/toprio.com.br\\\/#website\"},\"primaryImageOfPage\":{\"@id\":\"https:\\\/\\\/toprio.com.br\\\/imoveis\\\/cobertura-triplex-de-400-m-no-coracao-de-ipanema-vista-para-o-mar-e-o-cristo\\\/#primaryimage\"},\"image\":{\"@id\":\"https:\\\/\\\/toprio.com.br\\\/imoveis\\\/cobertura-triplex-de-400-m-no-coracao-de-ipanema-vista-para-o-mar-e-o-cristo\\\/#primaryimage\"},\"thumbnailUrl\":\"https:\\\/\\\/toprio.com.br\\\/wp-content\\\/uploads\\\/2025\\\/11\\\/top-rio1Prudente-De-Morais-719-501-1-10282025_112624.jpg\",\"datePublished\":\"2025-11-01T18:19:25+00:00\",\"dateModified\":\"2026-03-29T15:43:29+00:00\",\"description\":\"Cobertura Triplex de 400 m\u00b2 no Cora\u00e7\u00e3o de Ipanema \u2013 Vista para o Mar e o Cristo\",\"breadcrumb\":{\"@id\":\"https:\\\/\\\/toprio.com.br\\\/imoveis\\\/cobertura-triplex-de-400-m-no-coracao-de-ipanema-vista-para-o-mar-e-o-cristo\\\/#breadcrumb\"},\"inLanguage\":\"en-US\",\"potentialAction\":[{\"@type\":\"ReadAction\",\"target\":[\"https:\\\/\\\/toprio.com.br\\\/imoveis\\\/cobertura-triplex-de-400-m-no-coracao-de-ipanema-vista-para-o-mar-e-o-cristo\\\/\"]}]},{\"@type\":\"ImageObject\",\"inLanguage\":\"en-US\",\"@id\":\"https:\\\/\\\/toprio.com.br\\\/imoveis\\\/cobertura-triplex-de-400-m-no-coracao-de-ipanema-vista-para-o-mar-e-o-cristo\\\/#primaryimage\",\"url\":\"https:\\\/\\\/toprio.com.br\\\/wp-content\\\/uploads\\\/2025\\\/11\\\/top-rio1Prudente-De-Morais-719-501-1-10282025_112624.jpg\",\"contentUrl\":\"https:\\\/\\\/toprio.com.br\\\/wp-content\\\/uploads\\\/2025\\\/11\\\/top-rio1Prudente-De-Morais-719-501-1-10282025_112624.jpg\",\"width\":2560,\"height\":1440},{\"@type\":\"BreadcrumbList\",\"@id\":\"https:\\\/\\\/toprio.com.br\\\/imoveis\\\/cobertura-triplex-de-400-m-no-coracao-de-ipanema-vista-para-o-mar-e-o-cristo\\\/#breadcrumb\",\"itemListElement\":[{\"@type\":\"ListItem\",\"position\":1,\"name\":\"In\u00edcio\",\"item\":\"https:\\\/\\\/toprio.com.br\\\/\"},{\"@type\":\"ListItem\",\"position\":2,\"name\":\"Properties\",\"item\":\"https:\\\/\\\/toprio.com.br\\\/imoveis\\\/\"},{\"@type\":\"ListItem\",\"position\":3,\"name\":\"Cobertura Triplex de 400 m\u00b2 no Cora\u00e7\u00e3o de Ipanema \u2013 Vista para o Mar e o Cristo\"}]},{\"@type\":\"WebSite\",\"@id\":\"https:\\\/\\\/toprio.com.br\\\/#website\",\"url\":\"https:\\\/\\\/toprio.com.br\\\/\",\"name\":\"Top Rio Real Estate\",\"description\":\"Im\u00f3biliaria de luxo no Rio de Janeiro\",\"publisher\":{\"@id\":\"https:\\\/\\\/toprio.com.br\\\/#organization\"},\"alternateName\":\"Top Rio\",\"potentialAction\":[{\"@type\":\"SearchAction\",\"target\":{\"@type\":\"EntryPoint\",\"urlTemplate\":\"https:\\\/\\\/toprio.com.br\\\/?s={search_term_string}\"},\"query-input\":{\"@type\":\"PropertyValueSpecification\",\"valueRequired\":true,\"valueName\":\"search_term_string\"}}],\"inLanguage\":\"en-US\"},{\"@type\":\"Organization\",\"@id\":\"https:\\\/\\\/toprio.com.br\\\/#organization\",\"name\":\"Top Rio Real Estate\",\"url\":\"https:\\\/\\\/toprio.com.br\\\/\",\"logo\":{\"@type\":\"ImageObject\",\"inLanguage\":\"en-US\",\"@id\":\"https:\\\/\\\/toprio.com.br\\\/#\\\/schema\\\/logo\\\/image\\\/\",\"url\":\"https:\\\/\\\/toprio.com.br\\\/wp-content\\\/uploads\\\/2025\\\/07\\\/cropped-logo.png\",\"contentUrl\":\"https:\\\/\\\/toprio.com.br\\\/wp-content\\\/uploads\\\/2025\\\/07\\\/cropped-logo.png\",\"width\":400,\"height\":400,\"caption\":\"Top Rio Real Estate\"},\"image\":{\"@id\":\"https:\\\/\\\/toprio.com.br\\\/#\\\/schema\\\/logo\\\/image\\\/\"},\"sameAs\":[\"https:\\\/\\\/www.facebook.com\\\/toprio.realestate\\\/?locale=pt_BR\",\"https:\\\/\\\/www.instagram.com\\\/toprio_realestate\\\/\"]}]}<\/script>\n<!-- \/ Yoast SEO plugin. -->","yoast_head_json":{"title":"Cobertura Triplex de 400 m\u00b2 no Cora\u00e7\u00e3o de Ipanema \u2013 Vista para o Mar e o Cristo - Top Rio","description":"Cobertura Triplex de 400 m\u00b2 no Cora\u00e7\u00e3o de Ipanema \u2013 Vista para o Mar e o Cristo","robots":{"index":"index","follow":"follow","max-snippet":"max-snippet:-1","max-image-preview":"max-image-preview:large","max-video-preview":"max-video-preview:-1"},"canonical":"https:\/\/toprio.com.br\/en\/imoveis\/cobertura-triplex-de-400-m-no-coracao-de-ipanema-vista-para-o-mar-e-o-cristo\/","og_locale":"en_US","og_type":"article","og_title":"Cobertura Triplex de 400 m\u00b2 no Cora\u00e7\u00e3o de Ipanema \u2013 Vista para o Mar e o Cristo - Top Rio","og_description":"Cobertura Triplex de 400 m\u00b2 no Cora\u00e7\u00e3o de Ipanema \u2013 Vista para o Mar e o Cristo","og_url":"https:\/\/toprio.com.br\/en\/imoveis\/cobertura-triplex-de-400-m-no-coracao-de-ipanema-vista-para-o-mar-e-o-cristo\/","og_site_name":"Top Rio","article_publisher":"https:\/\/www.facebook.com\/toprio.realestate\/?locale=pt_BR","article_modified_time":"2026-03-29T15:43:29+00:00","og_image":[{"width":2560,"height":1440,"url":"https:\/\/toprio.com.br\/wp-content\/uploads\/2025\/11\/top-rio1Prudente-De-Morais-719-501-1-10282025_112624.jpg","type":"image\/jpeg"}],"twitter_card":"summary_large_image","twitter_misc":{"Est. reading time":"4 minutes"},"schema":{"@context":"https:\/\/schema.org","@graph":[{"@type":"WebPage","@id":"https:\/\/toprio.com.br\/imoveis\/cobertura-triplex-de-400-m-no-coracao-de-ipanema-vista-para-o-mar-e-o-cristo\/","url":"https:\/\/toprio.com.br\/imoveis\/cobertura-triplex-de-400-m-no-coracao-de-ipanema-vista-para-o-mar-e-o-cristo\/","name":"Cobertura Triplex de 400 m\u00b2 no Cora\u00e7\u00e3o de Ipanema \u2013 Vista para o Mar e o Cristo - Top Rio","isPartOf":{"@id":"https:\/\/toprio.com.br\/#website"},"primaryImageOfPage":{"@id":"https:\/\/toprio.com.br\/imoveis\/cobertura-triplex-de-400-m-no-coracao-de-ipanema-vista-para-o-mar-e-o-cristo\/#primaryimage"},"image":{"@id":"https:\/\/toprio.com.br\/imoveis\/cobertura-triplex-de-400-m-no-coracao-de-ipanema-vista-para-o-mar-e-o-cristo\/#primaryimage"},"thumbnailUrl":"https:\/\/toprio.com.br\/wp-content\/uploads\/2025\/11\/top-rio1Prudente-De-Morais-719-501-1-10282025_112624.jpg","datePublished":"2025-11-01T18:19:25+00:00","dateModified":"2026-03-29T15:43:29+00:00","description":"Cobertura Triplex de 400 m\u00b2 no Cora\u00e7\u00e3o de Ipanema \u2013 Vista para o Mar e o Cristo","breadcrumb":{"@id":"https:\/\/toprio.com.br\/imoveis\/cobertura-triplex-de-400-m-no-coracao-de-ipanema-vista-para-o-mar-e-o-cristo\/#breadcrumb"},"inLanguage":"en-US","potentialAction":[{"@type":"ReadAction","target":["https:\/\/toprio.com.br\/imoveis\/cobertura-triplex-de-400-m-no-coracao-de-ipanema-vista-para-o-mar-e-o-cristo\/"]}]},{"@type":"ImageObject","inLanguage":"en-US","@id":"https:\/\/toprio.com.br\/imoveis\/cobertura-triplex-de-400-m-no-coracao-de-ipanema-vista-para-o-mar-e-o-cristo\/#primaryimage","url":"https:\/\/toprio.com.br\/wp-content\/uploads\/2025\/11\/top-rio1Prudente-De-Morais-719-501-1-10282025_112624.jpg","contentUrl":"https:\/\/toprio.com.br\/wp-content\/uploads\/2025\/11\/top-rio1Prudente-De-Morais-719-501-1-10282025_112624.jpg","width":2560,"height":1440},{"@type":"BreadcrumbList","@id":"https:\/\/toprio.com.br\/imoveis\/cobertura-triplex-de-400-m-no-coracao-de-ipanema-vista-para-o-mar-e-o-cristo\/#breadcrumb","itemListElement":[{"@type":"ListItem","position":1,"name":"In\u00edcio","item":"https:\/\/toprio.com.br\/"},{"@type":"ListItem","position":2,"name":"Properties","item":"https:\/\/toprio.com.br\/imoveis\/"},{"@type":"ListItem","position":3,"name":"Cobertura Triplex de 400 m\u00b2 no Cora\u00e7\u00e3o de Ipanema \u2013 Vista para o Mar e o Cristo"}]},{"@type":"WebSite","@id":"https:\/\/toprio.com.br\/#website","url":"https:\/\/toprio.com.br\/","name":"Top Rio Real Estate","description":"Im\u00f3biliaria de luxo no Rio de Janeiro","publisher":{"@id":"https:\/\/toprio.com.br\/#organization"},"alternateName":"Top Rio","potentialAction":[{"@type":"SearchAction","target":{"@type":"EntryPoint","urlTemplate":"https:\/\/toprio.com.br\/?s={search_term_string}"},"query-input":{"@type":"PropertyValueSpecification","valueRequired":true,"valueName":"search_term_string"}}],"inLanguage":"en-US"},{"@type":"Organization","@id":"https:\/\/toprio.com.br\/#organization","name":"Top Rio Real Estate","url":"https:\/\/toprio.com.br\/","logo":{"@type":"ImageObject","inLanguage":"en-US","@id":"https:\/\/toprio.com.br\/#\/schema\/logo\/image\/","url":"https:\/\/toprio.com.br\/wp-content\/uploads\/2025\/07\/cropped-logo.png","contentUrl":"https:\/\/toprio.com.br\/wp-content\/uploads\/2025\/07\/cropped-logo.png","width":400,"height":400,"caption":"Top Rio Real Estate"},"image":{"@id":"https:\/\/toprio.com.br\/#\/schema\/logo\/image\/"},"sameAs":["https:\/\/www.facebook.com\/toprio.realestate\/?locale=pt_BR","https:\/\/www.instagram.com\/toprio_realestate\/"]}]}},"_links":{"self":[{"href":"https:\/\/toprio.com.br\/en\/wp-json\/wp\/v2\/property\/4078","targetHints":{"allow":["GET"]}}],"collection":[{"href":"https:\/\/toprio.com.br\/en\/wp-json\/wp\/v2\/property"}],"about":[{"href":"https:\/\/toprio.com.br\/en\/wp-json\/wp\/v2\/types\/property"}],"author":[{"embeddable":true,"href":"https:\/\/toprio.com.br\/en\/wp-json\/wp\/v2\/users\/1"}],"replies":[{"embeddable":true,"href":"https:\/\/toprio.com.br\/en\/wp-json\/wp\/v2\/comments?post=4078"}],"version-history":[{"count":0,"href":"https:\/\/toprio.com.br\/en\/wp-json\/wp\/v2\/property\/4078\/revisions"}],"wp:featuredmedia":[{"embeddable":true,"href":"https:\/\/toprio.com.br\/en\/wp-json\/wp\/v2\/media\/4119"}],"wp:attachment":[{"href":"https:\/\/toprio.com.br\/en\/wp-json\/wp\/v2\/media?parent=4078"}],"curies":[{"name":"wp","href":"https:\/\/api.w.org\/{rel}","templated":true}]}}