{"id":4168,"date":"2025-11-06T10:54:03","date_gmt":"2025-11-06T13:54:03","guid":{"rendered":"https:\/\/toprio.com.br\/?post_type=property&#038;p=4168"},"modified":"2025-11-07T10:33:38","modified_gmt":"2025-11-07T13:33:38","slug":"cobertura-duplex-de-376-m-com-vista-frontal-para-o-mar-no-leblon","status":"publish","type":"property","link":"https:\/\/toprio.com.br\/en\/imoveis\/cobertura-duplex-de-376-m-com-vista-frontal-para-o-mar-no-leblon\/","title":{"rendered":"Cobertura Duplex de 376 m\u00b2 com Vista Frontal para o Mar no Leblon"},"content":{"rendered":"<h3 data-start=\"441\" data-end=\"518\">\ud83c\udfd6\ufe0f <strong data-start=\"449\" data-end=\"518\">Cobertura Duplex de 376 m\u00b2 com Vista Frontal para o Mar no Leblon<\/strong><\/h3>\n<p data-start=\"520\" data-end=\"929\">Descubra o privil\u00e9gio de viver nesta <strong data-start=\"557\" data-end=\"597\">cobertura duplex de 376 m\u00b2 no Leblon<\/strong>, com <strong data-start=\"603\" data-end=\"631\">vista frontal para o mar<\/strong> e localiza\u00e7\u00e3o excepcional. O im\u00f3vel est\u00e1 em um pr\u00e9dio exclusivo, com <strong data-start=\"701\" data-end=\"736\">apenas um apartamento por andar<\/strong>, o que garante total privacidade.<br data-start=\"770\" data-end=\"773\" \/><strong data-start=\"773\" data-end=\"787\">Al\u00e9m disso<\/strong>, o apartamento \u00e9 banhado pelo sol da manh\u00e3 e est\u00e1 situado em um ponto nobre da orla, pr\u00f3ximo ao <strong data-start=\"884\" data-end=\"893\">metr\u00f4<\/strong> e \u00e0 charmosa <strong data-start=\"907\" data-end=\"928\">Rua Dias Ferreira<\/strong>.<\/p>\n<p data-start=\"931\" data-end=\"1082\">O im\u00f3vel combina <strong data-start=\"948\" data-end=\"999\">sofistica\u00e7\u00e3o e possibilidades de personaliza\u00e7\u00e3o<\/strong>, oferecendo ambientes amplos, iluminados e com acabamentos de excelente qualidade.<\/p>\n<h4 data-start=\"1084\" data-end=\"1132\">Primeiro Pavimento \u2013 \u00c1rea Social e Conforto<\/h4>\n<p data-start=\"1133\" data-end=\"1454\">No primeiro pavimento, a \u00e1rea social impressiona com uma <strong data-start=\"1190\" data-end=\"1244\">ampla sala dividida em dois confort\u00e1veis ambientes<\/strong>, perfeita para receber.<br data-start=\"1268\" data-end=\"1271\" \/><strong data-start=\"1271\" data-end=\"1285\">Al\u00e9m disso<\/strong>, a varanda com <strong data-start=\"1301\" data-end=\"1329\">vista frontal para o mar<\/strong> oferece um visual deslumbrante.<br data-start=\"1361\" data-end=\"1364\" \/>O ambiente conta com <strong data-start=\"1385\" data-end=\"1410\">projeto luminot\u00e9cnico<\/strong>, <strong data-start=\"1412\" data-end=\"1428\">climatiza\u00e7\u00e3o<\/strong> e um <strong data-start=\"1434\" data-end=\"1453\">lavabo de apoio<\/strong>.<\/p>\n<p data-start=\"1456\" data-end=\"1840\"><strong data-start=\"1456\" data-end=\"1469\">Logo ap\u00f3s<\/strong>, h\u00e1 uma sala \u00edntima, atualmente utilizada como <strong data-start=\"1517\" data-end=\"1531\">sala de TV<\/strong>, que proporciona um espa\u00e7o aconchegante e funcional.<br data-start=\"1584\" data-end=\"1587\" \/>Na parte privativa deste andar, h\u00e1 <strong data-start=\"1622\" data-end=\"1638\">tr\u00eas quartos<\/strong>, sendo <strong data-start=\"1646\" data-end=\"1659\">uma su\u00edte<\/strong>, todos com arm\u00e1rios embutidos, ar-condicionado tipo split e <strong data-start=\"1720\" data-end=\"1748\">\u00f3tima ventila\u00e7\u00e3o natural<\/strong>.<br data-start=\"1749\" data-end=\"1752\" \/><strong data-start=\"1752\" data-end=\"1763\">Por fim<\/strong>, um <strong data-start=\"1768\" data-end=\"1787\">banheiro social<\/strong> complementa o pavimento com praticidade e bom gosto.<\/p>\n<p data-start=\"1842\" data-end=\"2184\">A <strong data-start=\"1844\" data-end=\"1855\">cozinha<\/strong> conta com uma copa integrada, ideal para o dia a dia dos moradores. <strong data-start=\"1924\" data-end=\"1938\">Al\u00e9m disso<\/strong>, possui arm\u00e1rios em abund\u00e2ncia e longas bancadas que garantem excelente \u00e1rea de apoio e organiza\u00e7\u00e3o.<br data-start=\"2039\" data-end=\"2042\" \/>A <strong data-start=\"2044\" data-end=\"2063\">\u00e1rea de servi\u00e7o<\/strong>, separada da cozinha, tamb\u00e9m \u00e9 ampla e bem equipada, contando com arm\u00e1rios e <strong data-start=\"2141\" data-end=\"2183\">depend\u00eancia completa para funcion\u00e1rios<\/strong>.<\/p>\n<h4 data-start=\"2186\" data-end=\"2249\">Segundo Pavimento \u2013 Lazer, Privacidade e Vista Maravilhosa<\/h4>\n<p data-start=\"2250\" data-end=\"2457\">No segundo pavimento, encontramos uma <strong data-start=\"2288\" data-end=\"2317\">ampla sala de conviv\u00eancia<\/strong>, perfeita para momentos em fam\u00edlia ou entre amigos.<br data-start=\"2369\" data-end=\"2372\" \/>O ambiente conta ainda com <strong data-start=\"2399\" data-end=\"2418\">lavabo de apoio<\/strong> e uma <strong data-start=\"2425\" data-end=\"2441\">su\u00edte master<\/strong> impressionante.<\/p>\n<p data-start=\"2459\" data-end=\"2798\">Originalmente, o andar superior possu\u00eda <strong data-start=\"2499\" data-end=\"2514\">duas su\u00edtes<\/strong>, que foram <strong data-start=\"2526\" data-end=\"2540\">unificadas<\/strong>, resultando em uma <strong data-start=\"2560\" data-end=\"2598\">su\u00edte master com metragem generosa<\/strong>.<br data-start=\"2599\" data-end=\"2602\" \/><strong data-start=\"2602\" data-end=\"2617\">Dessa forma<\/strong>, o espa\u00e7o ganhou dois banheiros independentes, <strong data-start=\"2665\" data-end=\"2683\">walk-in closet<\/strong> e <strong data-start=\"2686\" data-end=\"2710\">escrit\u00f3rio privativo<\/strong>.<br data-start=\"2711\" data-end=\"2714\" \/><strong data-start=\"2714\" data-end=\"2728\">Al\u00e9m disso<\/strong>, grandes janelas garantem ilumina\u00e7\u00e3o natural e uma vista encantadora.<\/p>\n<p data-start=\"2800\" data-end=\"3118\">Na parte externa, a \u00e1rea de lazer \u00e9 um verdadeiro ref\u00fagio.<br data-start=\"2858\" data-end=\"2861\" \/>H\u00e1 uma <strong data-start=\"2868\" data-end=\"2885\">churrasqueira<\/strong>, <strong data-start=\"2887\" data-end=\"2898\">piscina<\/strong> e <strong data-start=\"2901\" data-end=\"2910\">sauna<\/strong>, todos com uma <strong data-start=\"2926\" data-end=\"2971\">vista panor\u00e2mica para o Morro Dois Irm\u00e3os<\/strong> e para <strong data-start=\"2979\" data-end=\"3013\">grande parte da orla do Leblon<\/strong>.<br data-start=\"3014\" data-end=\"3017\" \/><strong data-start=\"3017\" data-end=\"3026\">Assim<\/strong>, o ambiente se torna perfeito para relaxar e aproveitar o melhor do estilo de vida carioca.<\/p>\n<h4 data-start=\"3120\" data-end=\"3152\">Condom\u00ednio e Infraestrutura<\/h4>\n<p data-start=\"3153\" data-end=\"3398\">O edif\u00edcio oferece <strong data-start=\"3172\" data-end=\"3194\">seguran\u00e7a completa<\/strong>, com <strong data-start=\"3200\" data-end=\"3221\">portaria 24 horas<\/strong>, <strong data-start=\"3223\" data-end=\"3249\">circuito interno de TV<\/strong> e controle de acessos.<br data-start=\"3272\" data-end=\"3275\" \/><strong data-start=\"3275\" data-end=\"3287\">Portanto<\/strong>, os moradores desfrutam de tranquilidade e privacidade em um dos endere\u00e7os mais valorizados do Rio de Janeiro.<\/p>\n<p data-start=\"3400\" data-end=\"3490\">O im\u00f3vel conta com <strong data-start=\"3419\" data-end=\"3454\">3 vagas de garagem na escritura<\/strong>, garantindo praticidade e conforto.<\/p>\n<hr data-start=\"3492\" data-end=\"3495\" \/>\n<h3 data-start=\"3497\" data-end=\"3546\">\u2728 <strong data-start=\"3503\" data-end=\"3546\">Destaques da Cobertura Duplex no Leblon<\/strong><\/h3>\n<ul data-start=\"3547\" data-end=\"3840\">\n<li data-start=\"3547\" data-end=\"3602\">\n<p data-start=\"3549\" data-end=\"3602\">Vista frontal para o mar e para o Morro Dois Irm\u00e3os<\/p>\n<\/li>\n<li data-start=\"3603\" data-end=\"3637\">\n<p data-start=\"3605\" data-end=\"3637\">Apenas 1 apartamento por andar<\/p>\n<\/li>\n<li data-start=\"3638\" data-end=\"3695\">\n<p data-start=\"3640\" data-end=\"3695\">Totalmente climatizada e com acabamentos de qualidade<\/p>\n<\/li>\n<li data-start=\"3696\" data-end=\"3752\">\n<p data-start=\"3698\" data-end=\"3752\">Su\u00edte master com dois banheiros, closet e escrit\u00f3rio<\/p>\n<\/li>\n<li data-start=\"3753\" data-end=\"3804\">\n<p data-start=\"3755\" data-end=\"3804\">\u00c1rea externa com piscina, sauna e churrasqueira<\/p>\n<\/li>\n<li data-start=\"3805\" data-end=\"3840\">\n<p data-start=\"3807\" data-end=\"3840\">3 vagas de garagem na escritura<\/p>\n<\/li>\n<\/ul>","protected":false},"author":1,"featured_media":4189,"menu_order":0,"comment_status":"closed","ping_status":"closed","template":"","class_list":["post-4168","property","type-property","status-publish","has-post-thumbnail","hentry","property-type-cobertura","property-status-disponivel","property-feature-zona-sul","property-label-leblon","property-state-rio-de-janeiro","property-city-rio-janeiro"],"acf":[],"yoast_head":"<!-- This site is optimized with the Yoast SEO plugin v27.7 - https:\/\/yoast.com\/product\/yoast-seo-wordpress\/ -->\n<title>Cobertura Duplex de 376 m\u00b2 com Vista Frontal para o Mar no Leblon - Top Rio<\/title>\n<meta name=\"description\" content=\"Cobertura Duplex de 376 m\u00b2 com Vista Frontal para o Mar no Leblon\" \/>\n<meta name=\"robots\" content=\"index, follow, max-snippet:-1, max-image-preview:large, max-video-preview:-1\" \/>\n<link rel=\"canonical\" href=\"https:\/\/toprio.com.br\/en\/imoveis\/cobertura-duplex-de-376-m-com-vista-frontal-para-o-mar-no-leblon\/\" \/>\n<meta property=\"og:locale\" content=\"en_US\" \/>\n<meta property=\"og:type\" content=\"article\" \/>\n<meta property=\"og:title\" content=\"Cobertura Duplex de 376 m\u00b2 com Vista Frontal para o Mar no Leblon - Top Rio\" \/>\n<meta property=\"og:description\" content=\"Cobertura Duplex de 376 m\u00b2 com Vista Frontal para o Mar no Leblon\" \/>\n<meta property=\"og:url\" content=\"https:\/\/toprio.com.br\/en\/imoveis\/cobertura-duplex-de-376-m-com-vista-frontal-para-o-mar-no-leblon\/\" \/>\n<meta property=\"og:site_name\" content=\"Top Rio\" \/>\n<meta property=\"article:publisher\" content=\"https:\/\/www.facebook.com\/toprio.realestate\/?locale=pt_BR\" \/>\n<meta property=\"article:modified_time\" content=\"2025-11-07T13:33:38+00:00\" \/>\n<meta property=\"og:image\" content=\"https:\/\/toprio.com.br\/wp-content\/uploads\/2025\/11\/top-rioDelfim-Moreira-1120-501-Cob-10282025_133821.jpg\" \/>\n\t<meta property=\"og:image:width\" content=\"2560\" \/>\n\t<meta property=\"og:image:height\" content=\"1440\" \/>\n\t<meta property=\"og:image:type\" content=\"image\/jpeg\" \/>\n<meta name=\"twitter:card\" content=\"summary_large_image\" \/>\n<meta name=\"twitter:label1\" content=\"Est. reading time\" \/>\n\t<meta name=\"twitter:data1\" content=\"3 minutes\" \/>\n<script type=\"application\/ld+json\" class=\"yoast-schema-graph\">{\"@context\":\"https:\\\/\\\/schema.org\",\"@graph\":[{\"@type\":\"WebPage\",\"@id\":\"https:\\\/\\\/toprio.com.br\\\/imoveis\\\/cobertura-duplex-de-376-m-com-vista-frontal-para-o-mar-no-leblon\\\/\",\"url\":\"https:\\\/\\\/toprio.com.br\\\/imoveis\\\/cobertura-duplex-de-376-m-com-vista-frontal-para-o-mar-no-leblon\\\/\",\"name\":\"Cobertura Duplex de 376 m\u00b2 com Vista Frontal para o Mar no Leblon - Top Rio\",\"isPartOf\":{\"@id\":\"https:\\\/\\\/toprio.com.br\\\/#website\"},\"primaryImageOfPage\":{\"@id\":\"https:\\\/\\\/toprio.com.br\\\/imoveis\\\/cobertura-duplex-de-376-m-com-vista-frontal-para-o-mar-no-leblon\\\/#primaryimage\"},\"image\":{\"@id\":\"https:\\\/\\\/toprio.com.br\\\/imoveis\\\/cobertura-duplex-de-376-m-com-vista-frontal-para-o-mar-no-leblon\\\/#primaryimage\"},\"thumbnailUrl\":\"https:\\\/\\\/toprio.com.br\\\/wp-content\\\/uploads\\\/2025\\\/11\\\/top-rioDelfim-Moreira-1120-501-Cob-10282025_133821.jpg\",\"datePublished\":\"2025-11-06T13:54:03+00:00\",\"dateModified\":\"2025-11-07T13:33:38+00:00\",\"description\":\"Cobertura Duplex de 376 m\u00b2 com Vista Frontal para o Mar no Leblon\",\"breadcrumb\":{\"@id\":\"https:\\\/\\\/toprio.com.br\\\/imoveis\\\/cobertura-duplex-de-376-m-com-vista-frontal-para-o-mar-no-leblon\\\/#breadcrumb\"},\"inLanguage\":\"en-US\",\"potentialAction\":[{\"@type\":\"ReadAction\",\"target\":[\"https:\\\/\\\/toprio.com.br\\\/imoveis\\\/cobertura-duplex-de-376-m-com-vista-frontal-para-o-mar-no-leblon\\\/\"]}]},{\"@type\":\"ImageObject\",\"inLanguage\":\"en-US\",\"@id\":\"https:\\\/\\\/toprio.com.br\\\/imoveis\\\/cobertura-duplex-de-376-m-com-vista-frontal-para-o-mar-no-leblon\\\/#primaryimage\",\"url\":\"https:\\\/\\\/toprio.com.br\\\/wp-content\\\/uploads\\\/2025\\\/11\\\/top-rioDelfim-Moreira-1120-501-Cob-10282025_133821.jpg\",\"contentUrl\":\"https:\\\/\\\/toprio.com.br\\\/wp-content\\\/uploads\\\/2025\\\/11\\\/top-rioDelfim-Moreira-1120-501-Cob-10282025_133821.jpg\",\"width\":2560,\"height\":1440},{\"@type\":\"BreadcrumbList\",\"@id\":\"https:\\\/\\\/toprio.com.br\\\/imoveis\\\/cobertura-duplex-de-376-m-com-vista-frontal-para-o-mar-no-leblon\\\/#breadcrumb\",\"itemListElement\":[{\"@type\":\"ListItem\",\"position\":1,\"name\":\"In\u00edcio\",\"item\":\"https:\\\/\\\/toprio.com.br\\\/\"},{\"@type\":\"ListItem\",\"position\":2,\"name\":\"Properties\",\"item\":\"https:\\\/\\\/toprio.com.br\\\/imoveis\\\/\"},{\"@type\":\"ListItem\",\"position\":3,\"name\":\"Cobertura Duplex de 376 m\u00b2 com Vista Frontal para o Mar no Leblon\"}]},{\"@type\":\"WebSite\",\"@id\":\"https:\\\/\\\/toprio.com.br\\\/#website\",\"url\":\"https:\\\/\\\/toprio.com.br\\\/\",\"name\":\"Top Rio Real Estate\",\"description\":\"Im\u00f3biliaria de luxo no Rio de Janeiro\",\"publisher\":{\"@id\":\"https:\\\/\\\/toprio.com.br\\\/#organization\"},\"alternateName\":\"Top Rio\",\"potentialAction\":[{\"@type\":\"SearchAction\",\"target\":{\"@type\":\"EntryPoint\",\"urlTemplate\":\"https:\\\/\\\/toprio.com.br\\\/?s={search_term_string}\"},\"query-input\":{\"@type\":\"PropertyValueSpecification\",\"valueRequired\":true,\"valueName\":\"search_term_string\"}}],\"inLanguage\":\"en-US\"},{\"@type\":\"Organization\",\"@id\":\"https:\\\/\\\/toprio.com.br\\\/#organization\",\"name\":\"Top Rio Real Estate\",\"url\":\"https:\\\/\\\/toprio.com.br\\\/\",\"logo\":{\"@type\":\"ImageObject\",\"inLanguage\":\"en-US\",\"@id\":\"https:\\\/\\\/toprio.com.br\\\/#\\\/schema\\\/logo\\\/image\\\/\",\"url\":\"https:\\\/\\\/toprio.com.br\\\/wp-content\\\/uploads\\\/2025\\\/07\\\/cropped-logo.png\",\"contentUrl\":\"https:\\\/\\\/toprio.com.br\\\/wp-content\\\/uploads\\\/2025\\\/07\\\/cropped-logo.png\",\"width\":400,\"height\":400,\"caption\":\"Top Rio Real Estate\"},\"image\":{\"@id\":\"https:\\\/\\\/toprio.com.br\\\/#\\\/schema\\\/logo\\\/image\\\/\"},\"sameAs\":[\"https:\\\/\\\/www.facebook.com\\\/toprio.realestate\\\/?locale=pt_BR\",\"https:\\\/\\\/www.instagram.com\\\/toprio_realestate\\\/\"]}]}<\/script>\n<!-- \/ Yoast SEO plugin. -->","yoast_head_json":{"title":"Cobertura Duplex de 376 m\u00b2 com Vista Frontal para o Mar no Leblon - Top Rio","description":"Cobertura Duplex de 376 m\u00b2 com Vista Frontal para o Mar no Leblon","robots":{"index":"index","follow":"follow","max-snippet":"max-snippet:-1","max-image-preview":"max-image-preview:large","max-video-preview":"max-video-preview:-1"},"canonical":"https:\/\/toprio.com.br\/en\/imoveis\/cobertura-duplex-de-376-m-com-vista-frontal-para-o-mar-no-leblon\/","og_locale":"en_US","og_type":"article","og_title":"Cobertura Duplex de 376 m\u00b2 com Vista Frontal para o Mar no Leblon - Top Rio","og_description":"Cobertura Duplex de 376 m\u00b2 com Vista Frontal para o Mar no Leblon","og_url":"https:\/\/toprio.com.br\/en\/imoveis\/cobertura-duplex-de-376-m-com-vista-frontal-para-o-mar-no-leblon\/","og_site_name":"Top Rio","article_publisher":"https:\/\/www.facebook.com\/toprio.realestate\/?locale=pt_BR","article_modified_time":"2025-11-07T13:33:38+00:00","og_image":[{"width":2560,"height":1440,"url":"https:\/\/toprio.com.br\/wp-content\/uploads\/2025\/11\/top-rioDelfim-Moreira-1120-501-Cob-10282025_133821.jpg","type":"image\/jpeg"}],"twitter_card":"summary_large_image","twitter_misc":{"Est. reading time":"3 minutes"},"schema":{"@context":"https:\/\/schema.org","@graph":[{"@type":"WebPage","@id":"https:\/\/toprio.com.br\/imoveis\/cobertura-duplex-de-376-m-com-vista-frontal-para-o-mar-no-leblon\/","url":"https:\/\/toprio.com.br\/imoveis\/cobertura-duplex-de-376-m-com-vista-frontal-para-o-mar-no-leblon\/","name":"Cobertura Duplex de 376 m\u00b2 com Vista Frontal para o Mar no Leblon - Top Rio","isPartOf":{"@id":"https:\/\/toprio.com.br\/#website"},"primaryImageOfPage":{"@id":"https:\/\/toprio.com.br\/imoveis\/cobertura-duplex-de-376-m-com-vista-frontal-para-o-mar-no-leblon\/#primaryimage"},"image":{"@id":"https:\/\/toprio.com.br\/imoveis\/cobertura-duplex-de-376-m-com-vista-frontal-para-o-mar-no-leblon\/#primaryimage"},"thumbnailUrl":"https:\/\/toprio.com.br\/wp-content\/uploads\/2025\/11\/top-rioDelfim-Moreira-1120-501-Cob-10282025_133821.jpg","datePublished":"2025-11-06T13:54:03+00:00","dateModified":"2025-11-07T13:33:38+00:00","description":"Cobertura Duplex de 376 m\u00b2 com Vista Frontal para o Mar no Leblon","breadcrumb":{"@id":"https:\/\/toprio.com.br\/imoveis\/cobertura-duplex-de-376-m-com-vista-frontal-para-o-mar-no-leblon\/#breadcrumb"},"inLanguage":"en-US","potentialAction":[{"@type":"ReadAction","target":["https:\/\/toprio.com.br\/imoveis\/cobertura-duplex-de-376-m-com-vista-frontal-para-o-mar-no-leblon\/"]}]},{"@type":"ImageObject","inLanguage":"en-US","@id":"https:\/\/toprio.com.br\/imoveis\/cobertura-duplex-de-376-m-com-vista-frontal-para-o-mar-no-leblon\/#primaryimage","url":"https:\/\/toprio.com.br\/wp-content\/uploads\/2025\/11\/top-rioDelfim-Moreira-1120-501-Cob-10282025_133821.jpg","contentUrl":"https:\/\/toprio.com.br\/wp-content\/uploads\/2025\/11\/top-rioDelfim-Moreira-1120-501-Cob-10282025_133821.jpg","width":2560,"height":1440},{"@type":"BreadcrumbList","@id":"https:\/\/toprio.com.br\/imoveis\/cobertura-duplex-de-376-m-com-vista-frontal-para-o-mar-no-leblon\/#breadcrumb","itemListElement":[{"@type":"ListItem","position":1,"name":"In\u00edcio","item":"https:\/\/toprio.com.br\/"},{"@type":"ListItem","position":2,"name":"Properties","item":"https:\/\/toprio.com.br\/imoveis\/"},{"@type":"ListItem","position":3,"name":"Cobertura Duplex de 376 m\u00b2 com Vista Frontal para o Mar no Leblon"}]},{"@type":"WebSite","@id":"https:\/\/toprio.com.br\/#website","url":"https:\/\/toprio.com.br\/","name":"Top Rio Real Estate","description":"Im\u00f3biliaria de luxo no Rio de Janeiro","publisher":{"@id":"https:\/\/toprio.com.br\/#organization"},"alternateName":"Top Rio","potentialAction":[{"@type":"SearchAction","target":{"@type":"EntryPoint","urlTemplate":"https:\/\/toprio.com.br\/?s={search_term_string}"},"query-input":{"@type":"PropertyValueSpecification","valueRequired":true,"valueName":"search_term_string"}}],"inLanguage":"en-US"},{"@type":"Organization","@id":"https:\/\/toprio.com.br\/#organization","name":"Top Rio Real Estate","url":"https:\/\/toprio.com.br\/","logo":{"@type":"ImageObject","inLanguage":"en-US","@id":"https:\/\/toprio.com.br\/#\/schema\/logo\/image\/","url":"https:\/\/toprio.com.br\/wp-content\/uploads\/2025\/07\/cropped-logo.png","contentUrl":"https:\/\/toprio.com.br\/wp-content\/uploads\/2025\/07\/cropped-logo.png","width":400,"height":400,"caption":"Top Rio Real Estate"},"image":{"@id":"https:\/\/toprio.com.br\/#\/schema\/logo\/image\/"},"sameAs":["https:\/\/www.facebook.com\/toprio.realestate\/?locale=pt_BR","https:\/\/www.instagram.com\/toprio_realestate\/"]}]}},"_links":{"self":[{"href":"https:\/\/toprio.com.br\/en\/wp-json\/wp\/v2\/property\/4168","targetHints":{"allow":["GET"]}}],"collection":[{"href":"https:\/\/toprio.com.br\/en\/wp-json\/wp\/v2\/property"}],"about":[{"href":"https:\/\/toprio.com.br\/en\/wp-json\/wp\/v2\/types\/property"}],"author":[{"embeddable":true,"href":"https:\/\/toprio.com.br\/en\/wp-json\/wp\/v2\/users\/1"}],"replies":[{"embeddable":true,"href":"https:\/\/toprio.com.br\/en\/wp-json\/wp\/v2\/comments?post=4168"}],"version-history":[{"count":0,"href":"https:\/\/toprio.com.br\/en\/wp-json\/wp\/v2\/property\/4168\/revisions"}],"wp:featuredmedia":[{"embeddable":true,"href":"https:\/\/toprio.com.br\/en\/wp-json\/wp\/v2\/media\/4189"}],"wp:attachment":[{"href":"https:\/\/toprio.com.br\/en\/wp-json\/wp\/v2\/media?parent=4168"}],"curies":[{"name":"wp","href":"https:\/\/api.w.org\/{rel}","templated":true}]}}