{"id":4421,"date":"2025-11-19T13:03:25","date_gmt":"2025-11-19T16:03:25","guid":{"rendered":"https:\/\/toprio.com.br\/?post_type=property&#038;p=4421"},"modified":"2026-05-20T16:24:42","modified_gmt":"2026-05-20T19:24:42","slug":"cobertura-triplex-de-430-m-super-reformada-no-leblon","status":"publish","type":"property","link":"https:\/\/toprio.com.br\/en\/imoveis\/cobertura-triplex-de-430-m-super-reformada-no-leblon\/","title":{"rendered":"Cobertura Triplex de 430 m\u00b2 Super Reformada no Leblon"},"content":{"rendered":"<h2 data-start=\"329\" data-end=\"442\"><strong data-start=\"332\" data-end=\"442\">Cobertura Triplex de 430 m\u00b2 Super Reformada no Leblon \u2013 Exclusividade, Conforto e Localiza\u00e7\u00e3o Privilegiada<\/strong><\/h2>\n<p data-start=\"444\" data-end=\"818\">Descubra esta <strong data-start=\"458\" data-end=\"499\">cobertura triplex de 430 m\u00b2 no Leblon<\/strong>, completamente reformada e com uma <strong data-start=\"535\" data-end=\"557\">planta excepcional<\/strong>. Al\u00e9m disso, o im\u00f3vel est\u00e1 situado em uma rua nobre, silenciosa e extremamente discreta, garantindo privacidade absoluta. A localiza\u00e7\u00e3o \u00e9 estrat\u00e9gica, pois fica pr\u00f3xima ao metr\u00f4, \u00e0 praia e ao melhor com\u00e9rcio da Zona Sul, unindo praticidade e qualidade de vida.<\/p>\n<hr data-start=\"820\" data-end=\"823\" \/>\n<h2 data-start=\"825\" data-end=\"876\"><strong data-start=\"828\" data-end=\"876\">Primeiro Pavimento \u2013 \u00c1rea Social Sofisticada<\/strong><\/h2>\n<p data-start=\"878\" data-end=\"1165\">No primeiro pavimento, a \u00e1rea social impressiona pela integra\u00e7\u00e3o harmoniosa dos ambientes. <strong data-start=\"969\" data-end=\"988\">A sala de estar<\/strong> se conecta de forma natural \u00e0 sala de jantar, criando um espa\u00e7o fluido e aconchegante. Al\u00e9m disso, a <strong data-start=\"1090\" data-end=\"1118\">varanda fechada em vidro<\/strong> amplia a luminosidade e oferece mais conforto.<\/p>\n<p data-start=\"1167\" data-end=\"1194\">O ambiente conta ainda com:<\/p>\n<ul data-start=\"1196\" data-end=\"1345\">\n<li data-start=\"1196\" data-end=\"1256\">\n<p data-start=\"1198\" data-end=\"1256\">Projeto de <strong data-start=\"1209\" data-end=\"1239\">marcenaria e luminot\u00e9cnico<\/strong> de alto padr\u00e3o<\/p>\n<\/li>\n<li data-start=\"1257\" data-end=\"1286\">\n<p data-start=\"1259\" data-end=\"1286\"><strong data-start=\"1259\" data-end=\"1284\">Ar-condicionado split<\/strong><\/p>\n<\/li>\n<li data-start=\"1287\" data-end=\"1345\">\n<p data-start=\"1289\" data-end=\"1345\"><strong data-start=\"1289\" data-end=\"1308\">Lavabo elegante<\/strong>, garantindo praticidade no dia a dia<\/p>\n<\/li>\n<\/ul>\n<p data-start=\"1347\" data-end=\"1594\">A <strong data-start=\"1349\" data-end=\"1365\">cozinha em L<\/strong> foi planejada em um conceito moderno, garantindo melhor circula\u00e7\u00e3o. Nela, encontramos cuba dupla em inox, cooktop, forno duplo, arm\u00e1rios planejados e <strong data-start=\"1516\" data-end=\"1537\">bancadas extensas<\/strong>, que proporcionam excelente capacidade de armazenamento.<\/p>\n<p data-start=\"1596\" data-end=\"1903\">Na \u00e1rea \u00edntima, est\u00e3o <strong data-start=\"1618\" data-end=\"1631\">3 quartos<\/strong>, sendo <strong data-start=\"1639\" data-end=\"1651\">2 su\u00edtes<\/strong>, al\u00e9m de um <strong data-start=\"1664\" data-end=\"1683\">banheiro social<\/strong>. Todos os quartos possuem arm\u00e1rios, climatiza\u00e7\u00e3o e \u00f3timo tamanho. <strong data-start=\"1750\" data-end=\"1768\">A su\u00edte master<\/strong>, por sua vez, \u00e9 um destaque absoluto: oferece um <strong data-start=\"1818\" data-end=\"1855\">banheiro sofisticado com banheira<\/strong> e um <strong data-start=\"1861\" data-end=\"1879\">walk-in closet<\/strong> extremamente funcional.<\/p>\n<hr data-start=\"1905\" data-end=\"1908\" \/>\n<h2 data-start=\"1910\" data-end=\"1963\"><strong data-start=\"1913\" data-end=\"1963\">Segundo Pavimento \u2013 Lazer Privativo e Conv\u00edvio<\/strong><\/h2>\n<p data-start=\"1965\" data-end=\"2180\">Subindo ao segundo pavimento, encontramos uma <strong data-start=\"2011\" data-end=\"2037\">sala de conv\u00edvio ampla<\/strong>, com farta ilumina\u00e7\u00e3o natural e uma bela adega. Al\u00e9m disso, o piso conta com uma <strong data-start=\"2119\" data-end=\"2138\">su\u00edte adicional<\/strong>, atualmente utilizada como brinquedoteca.<\/p>\n<p data-start=\"2182\" data-end=\"2334\">Enquanto isso, do outro lado do mesmo pavimento, est\u00e1 a \u00e1rea de lazer da cobertura, desenvolvida para receber convidados com muito conforto. Ela inclui:<\/p>\n<ul data-start=\"2336\" data-end=\"2514\">\n<li data-start=\"2336\" data-end=\"2393\">\n<p data-start=\"2338\" data-end=\"2393\"><strong data-start=\"2338\" data-end=\"2391\">Espa\u00e7o gourmet com churrasqueira e forno de pizza<\/strong><\/p>\n<\/li>\n<li data-start=\"2394\" data-end=\"2419\">\n<p data-start=\"2396\" data-end=\"2419\"><strong data-start=\"2396\" data-end=\"2417\">Piscina privativa<\/strong><\/p>\n<\/li>\n<li data-start=\"2420\" data-end=\"2454\">\n<p data-start=\"2422\" data-end=\"2454\"><strong data-start=\"2422\" data-end=\"2443\">Banheiro completo<\/strong> de apoio<\/p>\n<\/li>\n<li data-start=\"2455\" data-end=\"2514\">\n<p data-start=\"2457\" data-end=\"2514\">Estrutura ideal para encontros e momentos de descontra\u00e7\u00e3o<\/p>\n<\/li>\n<\/ul>\n<p data-start=\"2516\" data-end=\"2609\">Dessa forma, o segundo pavimento une lazer, funcionalidade e sofistica\u00e7\u00e3o em um \u00fanico espa\u00e7o.<\/p>\n<hr data-start=\"2611\" data-end=\"2614\" \/>\n<h2 data-start=\"2616\" data-end=\"2674\"><strong data-start=\"2619\" data-end=\"2674\">Terceiro Pavimento \u2013 Funcionalidade e Versatilidade<\/strong><\/h2>\n<p data-start=\"2676\" data-end=\"3007\">No terceiro pavimento, a cobertura oferece ainda mais versatilidade. <strong data-start=\"2745\" data-end=\"2766\">A \u00e1rea de servi\u00e7o<\/strong> possui arm\u00e1rios e excelente circula\u00e7\u00e3o. Al\u00e9m disso, h\u00e1 uma <strong data-start=\"2826\" data-end=\"2868\">depend\u00eancia completa para funcion\u00e1rios<\/strong>. Por fim, uma su\u00edte adicional \u2014 hoje utilizada como <strong data-start=\"2921\" data-end=\"2946\">academia e escrit\u00f3rio<\/strong> \u2014 complementa o piso, garantindo mais possibilidades de uso.<\/p>\n<hr data-start=\"3009\" data-end=\"3012\" \/>\n<h2 data-start=\"3014\" data-end=\"3049\"><strong data-start=\"3017\" data-end=\"3049\">Infraestrutura e Localiza\u00e7\u00e3o<\/strong><\/h2>\n<p data-start=\"3051\" data-end=\"3328\">A infraestrutura do condom\u00ednio oferece <strong data-start=\"3090\" data-end=\"3106\">portaria 24h<\/strong>, bem como <strong data-start=\"3117\" data-end=\"3160\">sistema de c\u00e2meras e controle de acesso<\/strong>, o que aumenta a seguran\u00e7a. A localiza\u00e7\u00e3o tamb\u00e9m \u00e9 um grande diferencial, pois permite acesso r\u00e1pido ao metr\u00f4, \u00e0 <strong data-start=\"3274\" data-end=\"3293\">Praia do Leblon<\/strong> e a servi\u00e7os essenciais do bairro.<\/p>\n<hr data-start=\"3330\" data-end=\"3333\" \/>\n<h2 data-start=\"3335\" data-end=\"3358\"><strong data-start=\"3338\" data-end=\"3358\">Vagas de Garagem<\/strong><\/h2>\n<p data-start=\"3360\" data-end=\"3460\">O im\u00f3vel disp\u00f5e de <strong data-start=\"3379\" data-end=\"3414\">2 vagas de garagem na escritura<\/strong>, o que garante maior comodidade no cotidiano.<\/p>","protected":false},"author":1,"featured_media":4456,"menu_order":0,"comment_status":"closed","ping_status":"closed","template":"","class_list":["post-4421","property","type-property","status-publish","has-post-thumbnail","hentry","property-type-cobertura","property-status-disponivel","property-feature-zona-sul","property-label-leblon","property-state-rio-de-janeiro","property-city-rio-janeiro"],"acf":[],"yoast_head":"<!-- This site is optimized with the Yoast SEO plugin v27.7 - https:\/\/yoast.com\/product\/yoast-seo-wordpress\/ -->\n<title>Cobertura Triplex de 430 m\u00b2 Super Reformada no Leblon - Top Rio<\/title>\n<meta name=\"description\" content=\"Descubra esta cobertura triplex de 430 m\u00b2 no Leblon, completamente reformada e com uma planta excepcional. Al\u00e9m disso, o im\u00f3vel est\u00e1 situado em uma rua nobre, silenciosa e extremamente discreta, garantindo privacidade absoluta. A localiza\u00e7\u00e3o \u00e9 estrat\u00e9gica, pois fica pr\u00f3xima ao metr\u00f4, \u00e0 praia e ao melhor com\u00e9rcio da Zona Sul, unindo praticidade e qualidade de vida.\" \/>\n<meta name=\"robots\" content=\"index, follow, max-snippet:-1, max-image-preview:large, max-video-preview:-1\" \/>\n<link rel=\"canonical\" href=\"https:\/\/toprio.com.br\/en\/imoveis\/cobertura-triplex-de-430-m-super-reformada-no-leblon\/\" \/>\n<meta property=\"og:locale\" content=\"en_US\" \/>\n<meta property=\"og:type\" content=\"article\" \/>\n<meta property=\"og:title\" content=\"Cobertura Triplex de 430 m\u00b2 Super Reformada no Leblon - Top Rio\" \/>\n<meta property=\"og:description\" content=\"Descubra esta cobertura triplex de 430 m\u00b2 no Leblon, completamente reformada e com uma planta excepcional. Al\u00e9m disso, o im\u00f3vel est\u00e1 situado em uma rua nobre, silenciosa e extremamente discreta, garantindo privacidade absoluta. A localiza\u00e7\u00e3o \u00e9 estrat\u00e9gica, pois fica pr\u00f3xima ao metr\u00f4, \u00e0 praia e ao melhor com\u00e9rcio da Zona Sul, unindo praticidade e qualidade de vida.\" \/>\n<meta property=\"og:url\" content=\"https:\/\/toprio.com.br\/en\/imoveis\/cobertura-triplex-de-430-m-super-reformada-no-leblon\/\" \/>\n<meta property=\"og:site_name\" content=\"Top Rio\" \/>\n<meta property=\"article:publisher\" content=\"https:\/\/www.facebook.com\/toprio.realestate\/?locale=pt_BR\" \/>\n<meta property=\"article:modified_time\" content=\"2026-05-20T19:24:42+00:00\" \/>\n<meta property=\"og:image\" content=\"https:\/\/toprio.com.br\/wp-content\/uploads\/2025\/11\/top-rioEDT-34.jpg\" \/>\n\t<meta property=\"og:image:width\" content=\"2560\" \/>\n\t<meta property=\"og:image:height\" content=\"1440\" \/>\n\t<meta property=\"og:image:type\" content=\"image\/jpeg\" \/>\n<meta name=\"twitter:card\" content=\"summary_large_image\" \/>\n<meta name=\"twitter:label1\" content=\"Est. reading time\" \/>\n\t<meta name=\"twitter:data1\" content=\"3 minutes\" \/>\n<script type=\"application\/ld+json\" class=\"yoast-schema-graph\">{\"@context\":\"https:\\\/\\\/schema.org\",\"@graph\":[{\"@type\":\"WebPage\",\"@id\":\"https:\\\/\\\/toprio.com.br\\\/imoveis\\\/cobertura-triplex-de-430-m-super-reformada-no-leblon\\\/\",\"url\":\"https:\\\/\\\/toprio.com.br\\\/imoveis\\\/cobertura-triplex-de-430-m-super-reformada-no-leblon\\\/\",\"name\":\"Cobertura Triplex de 430 m\u00b2 Super Reformada no Leblon - Top Rio\",\"isPartOf\":{\"@id\":\"https:\\\/\\\/toprio.com.br\\\/#website\"},\"primaryImageOfPage\":{\"@id\":\"https:\\\/\\\/toprio.com.br\\\/imoveis\\\/cobertura-triplex-de-430-m-super-reformada-no-leblon\\\/#primaryimage\"},\"image\":{\"@id\":\"https:\\\/\\\/toprio.com.br\\\/imoveis\\\/cobertura-triplex-de-430-m-super-reformada-no-leblon\\\/#primaryimage\"},\"thumbnailUrl\":\"https:\\\/\\\/toprio.com.br\\\/wp-content\\\/uploads\\\/2025\\\/11\\\/top-rioEDT-34.jpg\",\"datePublished\":\"2025-11-19T16:03:25+00:00\",\"dateModified\":\"2026-05-20T19:24:42+00:00\",\"description\":\"Descubra esta cobertura triplex de 430 m\u00b2 no Leblon, completamente reformada e com uma planta excepcional. Al\u00e9m disso, o im\u00f3vel est\u00e1 situado em uma rua nobre, silenciosa e extremamente discreta, garantindo privacidade absoluta. A localiza\u00e7\u00e3o \u00e9 estrat\u00e9gica, pois fica pr\u00f3xima ao metr\u00f4, \u00e0 praia e ao melhor com\u00e9rcio da Zona Sul, unindo praticidade e qualidade de vida.\",\"breadcrumb\":{\"@id\":\"https:\\\/\\\/toprio.com.br\\\/imoveis\\\/cobertura-triplex-de-430-m-super-reformada-no-leblon\\\/#breadcrumb\"},\"inLanguage\":\"en-US\",\"potentialAction\":[{\"@type\":\"ReadAction\",\"target\":[\"https:\\\/\\\/toprio.com.br\\\/imoveis\\\/cobertura-triplex-de-430-m-super-reformada-no-leblon\\\/\"]}]},{\"@type\":\"ImageObject\",\"inLanguage\":\"en-US\",\"@id\":\"https:\\\/\\\/toprio.com.br\\\/imoveis\\\/cobertura-triplex-de-430-m-super-reformada-no-leblon\\\/#primaryimage\",\"url\":\"https:\\\/\\\/toprio.com.br\\\/wp-content\\\/uploads\\\/2025\\\/11\\\/top-rioEDT-34.jpg\",\"contentUrl\":\"https:\\\/\\\/toprio.com.br\\\/wp-content\\\/uploads\\\/2025\\\/11\\\/top-rioEDT-34.jpg\",\"width\":2560,\"height\":1440},{\"@type\":\"BreadcrumbList\",\"@id\":\"https:\\\/\\\/toprio.com.br\\\/imoveis\\\/cobertura-triplex-de-430-m-super-reformada-no-leblon\\\/#breadcrumb\",\"itemListElement\":[{\"@type\":\"ListItem\",\"position\":1,\"name\":\"In\u00edcio\",\"item\":\"https:\\\/\\\/toprio.com.br\\\/\"},{\"@type\":\"ListItem\",\"position\":2,\"name\":\"Properties\",\"item\":\"https:\\\/\\\/toprio.com.br\\\/imoveis\\\/\"},{\"@type\":\"ListItem\",\"position\":3,\"name\":\"Cobertura Triplex de 430 m\u00b2 Super Reformada no Leblon\"}]},{\"@type\":\"WebSite\",\"@id\":\"https:\\\/\\\/toprio.com.br\\\/#website\",\"url\":\"https:\\\/\\\/toprio.com.br\\\/\",\"name\":\"Top Rio Real Estate\",\"description\":\"Im\u00f3biliaria de luxo no Rio de Janeiro\",\"publisher\":{\"@id\":\"https:\\\/\\\/toprio.com.br\\\/#organization\"},\"alternateName\":\"Top Rio\",\"potentialAction\":[{\"@type\":\"SearchAction\",\"target\":{\"@type\":\"EntryPoint\",\"urlTemplate\":\"https:\\\/\\\/toprio.com.br\\\/?s={search_term_string}\"},\"query-input\":{\"@type\":\"PropertyValueSpecification\",\"valueRequired\":true,\"valueName\":\"search_term_string\"}}],\"inLanguage\":\"en-US\"},{\"@type\":\"Organization\",\"@id\":\"https:\\\/\\\/toprio.com.br\\\/#organization\",\"name\":\"Top Rio Real Estate\",\"url\":\"https:\\\/\\\/toprio.com.br\\\/\",\"logo\":{\"@type\":\"ImageObject\",\"inLanguage\":\"en-US\",\"@id\":\"https:\\\/\\\/toprio.com.br\\\/#\\\/schema\\\/logo\\\/image\\\/\",\"url\":\"https:\\\/\\\/toprio.com.br\\\/wp-content\\\/uploads\\\/2025\\\/07\\\/cropped-logo.png\",\"contentUrl\":\"https:\\\/\\\/toprio.com.br\\\/wp-content\\\/uploads\\\/2025\\\/07\\\/cropped-logo.png\",\"width\":400,\"height\":400,\"caption\":\"Top Rio Real Estate\"},\"image\":{\"@id\":\"https:\\\/\\\/toprio.com.br\\\/#\\\/schema\\\/logo\\\/image\\\/\"},\"sameAs\":[\"https:\\\/\\\/www.facebook.com\\\/toprio.realestate\\\/?locale=pt_BR\",\"https:\\\/\\\/www.instagram.com\\\/toprio_realestate\\\/\"]}]}<\/script>\n<!-- \/ Yoast SEO plugin. -->","yoast_head_json":{"title":"Cobertura Triplex de 430 m\u00b2 Super Reformada no Leblon - Top Rio","description":"Descubra esta cobertura triplex de 430 m\u00b2 no Leblon, completamente reformada e com uma planta excepcional. Al\u00e9m disso, o im\u00f3vel est\u00e1 situado em uma rua nobre, silenciosa e extremamente discreta, garantindo privacidade absoluta. A localiza\u00e7\u00e3o \u00e9 estrat\u00e9gica, pois fica pr\u00f3xima ao metr\u00f4, \u00e0 praia e ao melhor com\u00e9rcio da Zona Sul, unindo praticidade e qualidade de vida.","robots":{"index":"index","follow":"follow","max-snippet":"max-snippet:-1","max-image-preview":"max-image-preview:large","max-video-preview":"max-video-preview:-1"},"canonical":"https:\/\/toprio.com.br\/en\/imoveis\/cobertura-triplex-de-430-m-super-reformada-no-leblon\/","og_locale":"en_US","og_type":"article","og_title":"Cobertura Triplex de 430 m\u00b2 Super Reformada no Leblon - Top Rio","og_description":"Descubra esta cobertura triplex de 430 m\u00b2 no Leblon, completamente reformada e com uma planta excepcional. Al\u00e9m disso, o im\u00f3vel est\u00e1 situado em uma rua nobre, silenciosa e extremamente discreta, garantindo privacidade absoluta. A localiza\u00e7\u00e3o \u00e9 estrat\u00e9gica, pois fica pr\u00f3xima ao metr\u00f4, \u00e0 praia e ao melhor com\u00e9rcio da Zona Sul, unindo praticidade e qualidade de vida.","og_url":"https:\/\/toprio.com.br\/en\/imoveis\/cobertura-triplex-de-430-m-super-reformada-no-leblon\/","og_site_name":"Top Rio","article_publisher":"https:\/\/www.facebook.com\/toprio.realestate\/?locale=pt_BR","article_modified_time":"2026-05-20T19:24:42+00:00","og_image":[{"width":2560,"height":1440,"url":"https:\/\/toprio.com.br\/wp-content\/uploads\/2025\/11\/top-rioEDT-34.jpg","type":"image\/jpeg"}],"twitter_card":"summary_large_image","twitter_misc":{"Est. reading time":"3 minutes"},"schema":{"@context":"https:\/\/schema.org","@graph":[{"@type":"WebPage","@id":"https:\/\/toprio.com.br\/imoveis\/cobertura-triplex-de-430-m-super-reformada-no-leblon\/","url":"https:\/\/toprio.com.br\/imoveis\/cobertura-triplex-de-430-m-super-reformada-no-leblon\/","name":"Cobertura Triplex de 430 m\u00b2 Super Reformada no Leblon - Top Rio","isPartOf":{"@id":"https:\/\/toprio.com.br\/#website"},"primaryImageOfPage":{"@id":"https:\/\/toprio.com.br\/imoveis\/cobertura-triplex-de-430-m-super-reformada-no-leblon\/#primaryimage"},"image":{"@id":"https:\/\/toprio.com.br\/imoveis\/cobertura-triplex-de-430-m-super-reformada-no-leblon\/#primaryimage"},"thumbnailUrl":"https:\/\/toprio.com.br\/wp-content\/uploads\/2025\/11\/top-rioEDT-34.jpg","datePublished":"2025-11-19T16:03:25+00:00","dateModified":"2026-05-20T19:24:42+00:00","description":"Descubra esta cobertura triplex de 430 m\u00b2 no Leblon, completamente reformada e com uma planta excepcional. Al\u00e9m disso, o im\u00f3vel est\u00e1 situado em uma rua nobre, silenciosa e extremamente discreta, garantindo privacidade absoluta. A localiza\u00e7\u00e3o \u00e9 estrat\u00e9gica, pois fica pr\u00f3xima ao metr\u00f4, \u00e0 praia e ao melhor com\u00e9rcio da Zona Sul, unindo praticidade e qualidade de vida.","breadcrumb":{"@id":"https:\/\/toprio.com.br\/imoveis\/cobertura-triplex-de-430-m-super-reformada-no-leblon\/#breadcrumb"},"inLanguage":"en-US","potentialAction":[{"@type":"ReadAction","target":["https:\/\/toprio.com.br\/imoveis\/cobertura-triplex-de-430-m-super-reformada-no-leblon\/"]}]},{"@type":"ImageObject","inLanguage":"en-US","@id":"https:\/\/toprio.com.br\/imoveis\/cobertura-triplex-de-430-m-super-reformada-no-leblon\/#primaryimage","url":"https:\/\/toprio.com.br\/wp-content\/uploads\/2025\/11\/top-rioEDT-34.jpg","contentUrl":"https:\/\/toprio.com.br\/wp-content\/uploads\/2025\/11\/top-rioEDT-34.jpg","width":2560,"height":1440},{"@type":"BreadcrumbList","@id":"https:\/\/toprio.com.br\/imoveis\/cobertura-triplex-de-430-m-super-reformada-no-leblon\/#breadcrumb","itemListElement":[{"@type":"ListItem","position":1,"name":"In\u00edcio","item":"https:\/\/toprio.com.br\/"},{"@type":"ListItem","position":2,"name":"Properties","item":"https:\/\/toprio.com.br\/imoveis\/"},{"@type":"ListItem","position":3,"name":"Cobertura Triplex de 430 m\u00b2 Super Reformada no Leblon"}]},{"@type":"WebSite","@id":"https:\/\/toprio.com.br\/#website","url":"https:\/\/toprio.com.br\/","name":"Top Rio Real Estate","description":"Im\u00f3biliaria de luxo no Rio de Janeiro","publisher":{"@id":"https:\/\/toprio.com.br\/#organization"},"alternateName":"Top Rio","potentialAction":[{"@type":"SearchAction","target":{"@type":"EntryPoint","urlTemplate":"https:\/\/toprio.com.br\/?s={search_term_string}"},"query-input":{"@type":"PropertyValueSpecification","valueRequired":true,"valueName":"search_term_string"}}],"inLanguage":"en-US"},{"@type":"Organization","@id":"https:\/\/toprio.com.br\/#organization","name":"Top Rio Real Estate","url":"https:\/\/toprio.com.br\/","logo":{"@type":"ImageObject","inLanguage":"en-US","@id":"https:\/\/toprio.com.br\/#\/schema\/logo\/image\/","url":"https:\/\/toprio.com.br\/wp-content\/uploads\/2025\/07\/cropped-logo.png","contentUrl":"https:\/\/toprio.com.br\/wp-content\/uploads\/2025\/07\/cropped-logo.png","width":400,"height":400,"caption":"Top Rio Real Estate"},"image":{"@id":"https:\/\/toprio.com.br\/#\/schema\/logo\/image\/"},"sameAs":["https:\/\/www.facebook.com\/toprio.realestate\/?locale=pt_BR","https:\/\/www.instagram.com\/toprio_realestate\/"]}]}},"_links":{"self":[{"href":"https:\/\/toprio.com.br\/en\/wp-json\/wp\/v2\/property\/4421","targetHints":{"allow":["GET"]}}],"collection":[{"href":"https:\/\/toprio.com.br\/en\/wp-json\/wp\/v2\/property"}],"about":[{"href":"https:\/\/toprio.com.br\/en\/wp-json\/wp\/v2\/types\/property"}],"author":[{"embeddable":true,"href":"https:\/\/toprio.com.br\/en\/wp-json\/wp\/v2\/users\/1"}],"replies":[{"embeddable":true,"href":"https:\/\/toprio.com.br\/en\/wp-json\/wp\/v2\/comments?post=4421"}],"version-history":[{"count":0,"href":"https:\/\/toprio.com.br\/en\/wp-json\/wp\/v2\/property\/4421\/revisions"}],"wp:featuredmedia":[{"embeddable":true,"href":"https:\/\/toprio.com.br\/en\/wp-json\/wp\/v2\/media\/4456"}],"wp:attachment":[{"href":"https:\/\/toprio.com.br\/en\/wp-json\/wp\/v2\/media?parent=4421"}],"curies":[{"name":"wp","href":"https:\/\/api.w.org\/{rel}","templated":true}]}}